{"id":493,"date":"2021-10-04T12:58:33","date_gmt":"2021-10-04T12:58:33","guid":{"rendered":"https:\/\/themexriver.com\/wp\/fastrans\/?page_id=493"},"modified":"2025-12-14T08:55:49","modified_gmt":"2025-12-14T08:55:49","slug":"lojistik-cozumler","status":"publish","type":"page","link":"https:\/\/ankaekspres.com\/en\/lojistik-cozumler\/","title":{"rendered":"Lojistik \u00c7\u00f6z\u00fcmler"},"content":{"rendered":"<div data-elementor-type=\"wp-page\" data-elementor-id=\"493\" class=\"elementor elementor-493\">\n\t\t\t\t\t\t<section class=\"elementor-section elementor-top-section elementor-element elementor-element-fc50221 elementor-section-full_width elementor-section-height-default elementor-section-height-default\" data-id=\"fc50221\" data-element_type=\"section\" data-e-type=\"section\">\n\t\t\t\t\t\t<div class=\"elementor-container elementor-column-gap-default\">\n\t\t\t\t\t<div class=\"elementor-column elementor-col-100 elementor-top-column elementor-element elementor-element-60e8e2e\" data-id=\"60e8e2e\" data-element_type=\"column\" data-e-type=\"column\">\n\t\t\t<div class=\"elementor-widget-wrap elementor-element-populated\">\n\t\t\t\t\t\t<div class=\"elementor-element elementor-element-3f6a094 elementor-widget elementor-widget-fastrans_service_details\" data-id=\"3f6a094\" data-element_type=\"widget\" data-e-type=\"widget\" data-widget_type=\"fastrans_service_details.default\">\n\t\t\t\t<div class=\"elementor-widget-container\">\n\t\t\t\t\t\t\n    <!-- Start of Service details section\n\t============================================= -->\n\t<section id=\"ft-service-details\" class=\"ft-service-details-section page-padding\">\n\t\t<div class=\"container\">\n\t\t\t<div class=\"ft-service-details-content\">\n\t\t\t\t<div class=\"row\">\n\t\t\t\t\t                    <div class=\"col-lg-12\">\n\t\t\t\t\t\t<div class=\"ft-service-details-content-wrapper headline pera-content\">\n\t\t\t\t\t\t\t<div class=\"ft-service-details-img-wrapper\">\n\t\t\t\t\t\t\t\t<div class=\"row\">\n\t\t\t\t\t\t\t\t\t                                    <div class=\"col-md-6\">\n\t\t\t\t\t\t\t\t\t\t<div class=\"ft-service-details-img\">\n\t\t\t\t\t\t\t\t\t\t\t<img decoding=\"async\" src=\"https:\/\/ankaekspres.com\/wp-content\/uploads\/2025\/11\/depo-yonetimi.png\" alt=\"Awesome Image\">\n\t\t\t\t\t\t\t\t\t\t<\/div>\n\t\t\t\t\t\t\t\t\t<\/div>\n                                                                        \t\t\t\t\t\t\t\t\t<div class=\"col-md-6\">\n\t\t\t\t\t\t\t\t\t\t                                        <div class=\"ft-service-details-img\">\n\t\t\t\t\t\t\t\t\t\t\t<img decoding=\"async\" src=\"https:\/\/ankaekspres.com\/wp-content\/uploads\/2025\/11\/lojistik-yonetimi.png\" alt=\"Awesome Image\">\n\t\t\t\t\t\t\t\t\t\t<\/div>\n                                                                                \t\t\t\t\t\t\t\t\t\t<div class=\"ft-service-details-img\">\n\t\t\t\t\t\t\t\t\t\t\t<img decoding=\"async\" src=\"https:\/\/ankaekspres.com\/wp-content\/uploads\/2025\/11\/lojistik-yonetimi-1.png\" alt=\"Awesome Image\">\n\t\t\t\t\t\t\t\t\t\t<\/div>\n                                        \t\t\t\t\t\t\t\t\t<\/div>\n                                    \t\t\t\t\t\t\t\t<\/div>\n\t\t\t\t\t\t\t<\/div>\n\t\t\t\t\t\t\t<div class=\"ft-service-details-text-wrapper\">\n\t\t\t\t\t\t\t\t<h3>Lojistik \u00c7\u00f6z\u00fcmler<\/h3> \t\t\t\t\t\t\t\t\n\t\t\t\t\t\t\t\t<p>G\u00fcn\u00fcm\u00fcz i\u015f d\u00fcnyas\u0131nda, tedarik zincirinin do\u011fru y\u00f6netimi i\u015fletmelerin s\u00fcrd\u00fcr\u00fclebilir ba\u015far\u0131s\u0131nda kilit rol oynar. \u00dcr\u00fcnlerin zaman\u0131nda, g\u00fcvenli ve ekonomik bi\u00e7imde ula\u015ft\u0131r\u0131lmas\u0131; markalar i\u00e7in hem maliyet avantaj\u0131 hem de m\u00fc\u015fteri memnuniyeti anlam\u0131na gelir. Bu noktada firmam\u0131z, sekt\u00f6rel deneyimi ve teknolojik altyap\u0131s\u0131 sayesinde her \u00f6l\u00e7ekten i\u015fletmeye \u00f6zel lojistik \u00e7\u00f6z\u00fcmler sunmaktad\u0131r. Gebze, Tuzla, Kocaeli ve \u0130stanbul b\u00f6lgelerinde bulunan stratejik merkezlerimizden y\u00fcr\u00fctt\u00fc\u011f\u00fcm\u00fcz operasyonlarla, \u00fcreticiden son kullan\u0131c\u0131ya kadar uzanan s\u00fcrecin her ad\u0131m\u0131n\u0131 planl\u0131yor, takip ediyor ve optimize ediyoruz. Amac\u0131m\u0131z, ta\u015f\u0131mac\u0131l\u0131ktan depolamaya, da\u011f\u0131t\u0131mdan stok y\u00f6netimine kadar t\u00fcm s\u00fcre\u00e7lerde kesintisiz bir lojistik deneyimi sunmakt\u0131r.<\/p> \n<p>Lojistik \u00e7\u00f6z\u00fcmlerimiz, her sekt\u00f6r\u00fcn ihtiya\u00e7lar\u0131na \u00f6zel olarak tasarlan\u0131r. G\u0131da, otomotiv, tekstil, kimya, in\u015faat ve e-ticaret gibi farkl\u0131 alanlarda faaliyet g\u00f6steren i\u015fletmeler i\u00e7in \u00f6zelle\u015ftirilmi\u015f operasyon modelleri geli\u015ftiriyoruz. Ak\u0131ll\u0131 depo y\u00f6netimi, rota optimizasyonu, anl\u0131k takip sistemleri ve dijital raporlama ara\u00e7lar\u0131 sayesinde t\u00fcm s\u00fcre\u00e7leri \u015feffaf \u015fekilde y\u00f6netiyoruz. Ayr\u0131ca parsiyel ta\u015f\u0131mac\u0131l\u0131k, komple ta\u015f\u0131mac\u0131l\u0131k, so\u011fuk zincir lojisti\u011fi ve ekspres teslimat gibi farkl\u0131 ta\u015f\u0131ma alternatifleriyle m\u00fc\u015fterilerimizin her ihtiyac\u0131na uygun \u00e7\u00f6z\u00fcmler sunuyoruz. Kocaeli ve Gebze b\u00f6lgelerindeki \u00fcretim \u00fcslerinden T\u00fcrkiye geneline ula\u015fan geni\u015f ta\u015f\u0131ma a\u011f\u0131m\u0131z, h\u0131zl\u0131 teslimat ve d\u00fc\u015f\u00fck maliyet avantaj\u0131 sa\u011flar. Bu sayede firmalar, stok maliyetlerini d\u00fc\u015f\u00fcr\u00fcrken operasyonel verimliliklerini art\u0131r\u0131r.<\/p>\n<p>Lojistik \u00e7\u00f6z\u00fcmlerimizi di\u011ferlerinden ay\u0131ran en \u00f6nemli fark; her m\u00fc\u015fteriye \u00f6zel stratejik yakla\u015f\u0131m\u0131m\u0131zd\u0131r. Sadece ta\u015f\u0131mac\u0131l\u0131k de\u011fil, ayn\u0131 zamanda t\u00fcm tedarik zincirinin performans\u0131n\u0131 art\u0131ran ak\u0131ll\u0131 planlama sistemleri sunuyoruz. \u0130stanbul merkezli operasyon g\u00fcc\u00fcm\u00fcz ve Gebze lojistik merkezimiz sayesinde, \u00fclke genelinde h\u0131zl\u0131 ve g\u00fcvenilir hizmet sa\u011fl\u0131yoruz. Deneyimli kadromuz, modern ara\u00e7 filomuz ve teknolojik altyap\u0131m\u0131zla lojistik s\u00fcre\u00e7lerinizi kolayla\u015ft\u0131r\u0131rken, i\u015finizin b\u00fcy\u00fcmesine katk\u0131 sa\u011fl\u0131yoruz. Lojistik, bizim i\u00e7in yaln\u0131zca ta\u015f\u0131ma de\u011fil; markalar\u0131n rekabet g\u00fcc\u00fcn\u00fc art\u0131ran bir strateji, verimlili\u011fi art\u0131ran bir yat\u0131r\u0131md\u0131r.<\/p>\t\t\t\t\t\t\t\t\n\t\t\t\t\t\t\t\t                                <div class=\"ft-service-details-counter-wrapper\">\n\t\t\t\t\t\t\t\t\t<div class=\"row\">\n\t\t\t\t\t\t\t\t\t\t                                        <div class=\"col-md-6\">\n\t\t\t\t\t\t\t\t\t\t\t<div class=\"ft-service-details-counter-item d-flex align-items-center headline pera-content\">\n\t\t\t\t\t\t\t\t\t\t\t\t<div class=\"ft-service-details-count-icon\">\n\t\t\t\t\t\t\t\t\t\t\t\t\t<i class=\"flaticon-worldwide\"><\/i>\n\t\t\t\t\t\t\t\t\t\t\t\t<\/div>\n\t\t\t\t\t\t\t\t\t\t\t\t<div class=\"ft-service-details-count-text\">\n\t\t\t\t\t\t\t\t\t\t\t\t\t<h4 class=\"title text-uppercase\">M\u00fc\u015fteri Say\u0131s\u0131<\/h4>\n\t\t\t\t\t\t\t\t\t\t\t\t\t<h4 class=\"count-number\"><span class=\"count\">158<\/span>+<\/h4>\n\t\t\t\t\t\t\t\t\t\t\t\t\t<p><\/p>\n\t\t\t\t\t\t\t\t\t\t\t\t<\/div>\n\t\t\t\t\t\t\t\t\t\t\t<\/div>\n\t\t\t\t\t\t\t\t\t\t<\/div>\n                                                                                <div class=\"col-md-6\">\n\t\t\t\t\t\t\t\t\t\t\t<div class=\"ft-service-details-counter-item d-flex align-items-center headline pera-content\">\n\t\t\t\t\t\t\t\t\t\t\t\t<div class=\"ft-service-details-count-icon\">\n\t\t\t\t\t\t\t\t\t\t\t\t\t<i class=\"flaticon-logistics\"><\/i>\n\t\t\t\t\t\t\t\t\t\t\t\t<\/div>\n\t\t\t\t\t\t\t\t\t\t\t\t<div class=\"ft-service-details-count-text\">\n\t\t\t\t\t\t\t\t\t\t\t\t\t<h4 class=\"title text-uppercase\">Ba\u015far\u0131l\u0131 Proje<\/h4>\n\t\t\t\t\t\t\t\t\t\t\t\t\t<h4 class=\"count-number\"><span class=\"count\">2000<\/span>+<\/h4>\n\t\t\t\t\t\t\t\t\t\t\t\t\t<p><\/p>\n\t\t\t\t\t\t\t\t\t\t\t\t<\/div>\n\t\t\t\t\t\t\t\t\t\t\t<\/div>\n\t\t\t\t\t\t\t\t\t\t<\/div>\n                                        \t\t\t\t\t\t\t\t\t<\/div>\n\t\t\t\t\t\t\t\t<\/div>\n\t\t\t\t\t\t\t\t\t\t\t\t\t\t\t\t                                <h3>Sanayi B\u00f6lgeleri \u0130\u00e7in \u00d6zel Ta\u015f\u0131ma Hizmetleri<\/h3>\n                                                                                                <p>Kocaeli, Gebze ve Tuzla; otomotiv, kimya, g\u0131da, in\u015faat ve plastik sekt\u00f6rlerinde T\u00fcrkiye\u2019nin \u00fcretim \u00fcss\u00fc konumundad\u0131r.\nFirmam\u0131z, bu b\u00f6lgelerdeki sanayi kurulu\u015flar\u0131na \u00f6zel lojistik \u00e7\u00f6z\u00fcmler geli\u015ftirir.\nFabrika \u00e7\u0131k\u0131\u015fl\u0131 \u00fcr\u00fcnlerin depo veya m\u00fc\u015fteriye ula\u015ft\u0131r\u0131lmas\u0131nda zamanlama, maliyet optimizasyonu ve g\u00fcvenlik ana kriterlerimizdir.\n\nAyr\u0131ca OSB ta\u015f\u0131mac\u0131l\u0131\u011f\u0131, ihracat \u00f6ncesi yurti\u00e7i sevkiyat, ham madde transferi, bayi da\u011f\u0131t\u0131m lojisti\u011fi gibi alanlarda da deneyimli kadromuzla destek sa\u011fl\u0131yoruz. <\/p>\n\t\t\t\t\t\t\t\t\t\t\t\t\t\t\t\t    \t\n\t\t\t\t\t\t\t<\/div>\n\t\t\t\t\t\t<\/div>\n\t\t\t\t\t<\/div>\n\t\t\t\t<\/div>\n\t\t\t<\/div>\n\t\t<\/div>\n\t<\/section>\t\n\t<!-- End of Service details section\n\t============================================= -->\n    \n    \t\t\t\t<\/div>\n\t\t\t\t<\/div>\n\t\t\t\t\t<\/div>\n\t\t<\/div>\n\t\t\t\t\t<\/div>\n\t\t<\/section>\n\t\t\t\t<\/div>","protected":false},"excerpt":{"rendered":"<p>Lojistik \u00c7\u00f6z\u00fcmler G\u00fcn\u00fcm\u00fcz i\u015f d\u00fcnyas\u0131nda, tedarik zincirinin do\u011fru y\u00f6netimi i\u015fletmelerin s\u00fcrd\u00fcr\u00fclebilir ba\u015far\u0131s\u0131nda kilit rol oynar. \u00dcr\u00fcnlerin zaman\u0131nda, g\u00fcvenli ve ekonomik bi\u00e7imde ula\u015ft\u0131r\u0131lmas\u0131; markalar i\u00e7in hem maliyet avantaj\u0131 hem de m\u00fc\u015fteri memnuniyeti anlam\u0131na gelir. Bu noktada firmam\u0131z, sekt\u00f6rel deneyimi ve teknolojik altyap\u0131s\u0131 sayesinde her \u00f6l\u00e7ekten i\u015fletmeye \u00f6zel lojistik \u00e7\u00f6z\u00fcmler sunmaktad\u0131r. Gebze, Tuzla, Kocaeli ve \u0130stanbul b\u00f6lgelerinde [&hellip;]<\/p>","protected":false},"author":1,"featured_media":0,"parent":0,"menu_order":0,"comment_status":"closed","ping_status":"closed","template":"tpl-default-elementor.php","meta":{"om_disable_all_campaigns":false,"_monsterinsights_skip_tracking":false,"_monsterinsights_sitenote_active":false,"_monsterinsights_sitenote_note":"","_monsterinsights_sitenote_category":0,"footnotes":""},"class_list":["post-493","page","type-page","status-publish","hentry"],"aioseo_notices":[],"_hostinger_reach_plugin_has_subscription_block":false,"_hostinger_reach_plugin_is_elementor":false,"_links":{"self":[{"href":"https:\/\/ankaekspres.com\/en\/wp-json\/wp\/v2\/pages\/493","targetHints":{"allow":["GET"]}}],"collection":[{"href":"https:\/\/ankaekspres.com\/en\/wp-json\/wp\/v2\/pages"}],"about":[{"href":"https:\/\/ankaekspres.com\/en\/wp-json\/wp\/v2\/types\/page"}],"author":[{"embeddable":true,"href":"https:\/\/ankaekspres.com\/en\/wp-json\/wp\/v2\/users\/1"}],"replies":[{"embeddable":true,"href":"https:\/\/ankaekspres.com\/en\/wp-json\/wp\/v2\/comments?post=493"}],"version-history":[{"count":14,"href":"https:\/\/ankaekspres.com\/en\/wp-json\/wp\/v2\/pages\/493\/revisions"}],"predecessor-version":[{"id":3120,"href":"https:\/\/ankaekspres.com\/en\/wp-json\/wp\/v2\/pages\/493\/revisions\/3120"}],"wp:attachment":[{"href":"https:\/\/ankaekspres.com\/en\/wp-json\/wp\/v2\/media?parent=493"}],"curies":[{"name":"wp","href":"https:\/\/api.w.org\/{rel}","templated":true}]}}